{"id":369,"date":"2023-03-14T09:53:48","date_gmt":"2023-03-14T08:53:48","guid":{"rendered":"https:\/\/www.activis.swiss\/?page_id=369"},"modified":"2023-05-22T10:57:34","modified_gmt":"2023-05-22T08:57:34","slug":"kontakt","status":"publish","type":"page","link":"https:\/\/www.activis.swiss\/de\/kontakt\/","title":{"rendered":"Kontakt: Ben\u00f6tigen Sie weitere Informationen?"},"content":{"rendered":"\n<div class=\"wp-block-contact-form-7-contact-form-selector\">\n<div class=\"wpcf7 no-js\" id=\"wpcf7-f423-o1\" lang=\"de-DE\" dir=\"ltr\" data-wpcf7-id=\"423\">\n<div class=\"screen-reader-response\"><p role=\"status\" aria-live=\"polite\" aria-atomic=\"true\"><\/p> <ul><\/ul><\/div>\n<form action=\"\/de\/wp-json\/wp\/v2\/pages\/369#wpcf7-f423-o1\" method=\"post\" class=\"wpcf7-form init\" aria-label=\"Kontaktformular\" novalidate=\"novalidate\" data-status=\"init\">\n<div style=\"display: none;\">\n<input type=\"hidden\" name=\"_wpcf7\" value=\"423\" \/>\n<input type=\"hidden\" name=\"_wpcf7_version\" value=\"6.0.6\" \/>\n<input type=\"hidden\" name=\"_wpcf7_locale\" value=\"de_DE\" \/>\n<input type=\"hidden\" name=\"_wpcf7_unit_tag\" value=\"wpcf7-f423-o1\" \/>\n<input type=\"hidden\" name=\"_wpcf7_container_post\" value=\"0\" \/>\n<input type=\"hidden\" name=\"_wpcf7_posted_data_hash\" value=\"\" \/>\n<input type=\"hidden\" name=\"_wpcf7cf_hidden_group_fields\" value=\"[]\" \/>\n<input type=\"hidden\" name=\"_wpcf7cf_hidden_groups\" value=\"[]\" \/>\n<input type=\"hidden\" name=\"_wpcf7cf_visible_groups\" value=\"[]\" \/>\n<input type=\"hidden\" name=\"_wpcf7cf_repeaters\" value=\"[]\" \/>\n<input type=\"hidden\" name=\"_wpcf7cf_steps\" value=\"{}\" \/>\n<input type=\"hidden\" name=\"_wpcf7cf_options\" value=\"{&quot;form_id&quot;:423,&quot;conditions&quot;:[{&quot;then_field&quot;:&quot;group-retraite&quot;,&quot;and_rules&quot;:[{&quot;if_field&quot;:&quot;checkboxcible&quot;,&quot;operator&quot;:&quot;equals&quot;,&quot;if_value&quot;:&quot;Rentner&quot;}]},{&quot;then_field&quot;:&quot;group-media&quot;,&quot;and_rules&quot;:[{&quot;if_field&quot;:&quot;checkboxcible&quot;,&quot;operator&quot;:&quot;equals&quot;,&quot;if_value&quot;:&quot;Medienunternehmen&quot;}]},{&quot;then_field&quot;:&quot;group-entreprise&quot;,&quot;and_rules&quot;:[{&quot;if_field&quot;:&quot;checkboxcible&quot;,&quot;operator&quot;:&quot;equals&quot;,&quot;if_value&quot;:&quot;Unternehmen&quot;}]},{&quot;then_field&quot;:&quot;group-recherchepersonnel&quot;,&quot;and_rules&quot;:[{&quot;if_field&quot;:&quot;entreprise-prestations&quot;,&quot;operator&quot;:&quot;equals&quot;,&quot;if_value&quot;:&quot;Personalsuche&quot;}]}],&quot;settings&quot;:{&quot;animation&quot;:&quot;yes&quot;,&quot;animation_intime&quot;:200,&quot;animation_outtime&quot;:200,&quot;conditions_ui&quot;:&quot;normal&quot;,&quot;notice_dismissed&quot;:false}}\" \/>\n<\/div>\n<div class=\"container\">\n\t<div class=\"row text-center\">\n\t\t<div class=\"col-12\">\n\t\t\t<h2 class=\"h1 col-grey mb-2 mt-5\">Kontaktformular\n\t\t\t<\/h2>\n\t\t\t<p class=\"p col-red\">Ich bin\n\t\t\t<\/p>\n\t\t\t<p class=\"p pb-5\"><span class=\"wpcf7-form-control-wrap\" data-name=\"checkboxcible\"><span class=\"wpcf7-form-control wpcf7-checkbox wpcf7-validates-as-required wpcf7-exclusive-checkbox\" id=\"listecible\"><span class=\"wpcf7-list-item first\"><label><input type=\"checkbox\" name=\"checkboxcible\" value=\"Rentner\" \/><span class=\"wpcf7-list-item-label\">Rentner<\/span><\/label><\/span><span class=\"wpcf7-list-item\"><label><input type=\"checkbox\" name=\"checkboxcible\" value=\"Unternehmen\" \/><span class=\"wpcf7-list-item-label\">Unternehmen<\/span><\/label><\/span><span class=\"wpcf7-list-item last\"><label><input type=\"checkbox\" name=\"checkboxcible\" value=\"Medienunternehmen\" \/><span class=\"wpcf7-list-item-label\">Medienunternehmen<\/span><\/label><\/span><\/span><\/span>\n\t\t\t<\/p>\n\t\t<\/div>\n\t<\/div>\n<\/div>\n<div class=\"container bg-lighter-grey mb-5\">\n\t<div data-id=\"group-retraite\" data-orig_data_id=\"group-retraite\"  class=\"\" data-class=\"wpcf7cf_group\">\n\t\t<div class=\"row  p-5 pb-0\" id=\"formretraite\">\n\t\t\t<div class=\"col-12 form-title-section pt-0\">\n\t\t\t<hr \/>\n\t\t\t\t<h3 class=\"h5 px-3\">M\u00f6chten Sie Teilzeit arbeiten?\n\t\t\t\t<\/h3>\n\t\t\t<hr \/>\n\t\t\t<\/div>\n\t\t\t<div class=\"col-sm-6\">\n\t\t\t\t<div class=\"search-field\">\n\t\t\t\t\t<p><span class=\"wpcf7-form-control-wrap\" data-name=\"retraite-metier\"><input size=\"40\" maxlength=\"400\" class=\"wpcf7-form-control wpcf7-text wpcf7-validates-as-required\" aria-required=\"true\" aria-invalid=\"false\" placeholder=\"Ausge\u00fcbter Hauptberuf\" value=\"\" type=\"text\" name=\"retraite-metier\" \/><\/span><br \/>\n<label for=\"retraite-nom\" class=\"search-field-label p\">Ausge\u00fcbter Hauptberuf <\/label><br \/>\n<span class=\"search-field-image material-symbols-rounded\">work<\/span>\n\t\t\t\t\t<\/p>\n\t\t\t\t<\/div>\n\t\t\t<\/div>\n\t\t\t<div class=\"col-sm-6\">\n\t\t\t\t<div class=\"search-field\">\n\t\t\t\t\t<p><span class=\"wpcf7-form-control-wrap\" data-name=\"retraite-metiersouhaite\"><input size=\"40\" maxlength=\"400\" class=\"wpcf7-form-control wpcf7-text wpcf7-validates-as-required\" aria-required=\"true\" aria-invalid=\"false\" placeholder=\"Gew\u00fcnschte Arbeit\" value=\"\" type=\"text\" name=\"retraite-metiersouhaite\" \/><\/span><br \/>\n<label for=\"retraite-nom\" class=\"search-field-label p\">Gew\u00fcnschte Arbeit <\/label><br \/>\n<span class=\"search-field-image material-symbols-rounded\">work<\/span>\n\t\t\t\t\t<\/p>\n\t\t\t\t<\/div>\n\t\t\t<\/div>\n\t\t\t<div class=\"col-sm-6\">\n\t\t\t\t<div class=\"search-field\">\n\t\t\t\t\t<p><span class=\"wpcf7-form-control-wrap\" data-name=\"retraite-taux\"><select class=\"wpcf7-form-control wpcf7-select wpcf7-validates-as-required\" aria-required=\"true\" aria-invalid=\"false\" name=\"retraite-taux\"><option value=\"\">&#8211; Bitte ausw\u00e4hlen &#8211;<\/option><option value=\"Bis zu 20 %\">Bis zu 20 %<\/option><option value=\"20 - 50 %\">20 - 50 %<\/option><option value=\"50 - 80 %\">50 - 80 %<\/option><option value=\"80 - 100 %\">80 - 100 %<\/option><\/select><\/span><br \/>\n<label for=\"retraite-nom\" class=\"search-field-label p\">Aktivit\u00e4tsrate<\/label><br \/>\n<span class=\"search-field-image material-symbols-rounded\">schedule<\/span>\n\t\t\t\t\t<\/p>\n\t\t\t\t<\/div>\n\t\t\t<\/div>\n\t\t\t<div class=\"col-sm-6\">\n\t\t\t\t<div class=\"search-field\">\n\t\t\t\t\t<p><span class=\"wpcf7-form-control-wrap\" data-name=\"retraite-type\"><select class=\"wpcf7-form-control wpcf7-select wpcf7-validates-as-required\" aria-required=\"true\" aria-invalid=\"false\" name=\"retraite-type\"><option value=\"\">&#8211; Bitte ausw\u00e4hlen &#8211;<\/option><option value=\"Befristete Dauer\">Befristete Dauer<\/option><option value=\"Unbefristete Dauer\">Unbefristete Dauer<\/option><option value=\"Personalvermittlung\">Personalvermittlung<\/option><\/select><\/span><br \/>\n<label for=\"retraite-nom\" class=\"search-field-label p\">Gew\u00fcnschte Vertragsart <\/label><br \/>\n<span class=\"search-field-image material-symbols-rounded\">description<\/span>\n\t\t\t\t\t<\/p>\n\t\t\t\t<\/div>\n\t\t\t<\/div>\n\t\t\t<div class=\"col-sm-6\">\n\t\t\t\t<div class=\"search-field\">\n\t\t\t\t\t<p><span class=\"wpcf7-form-control-wrap\" data-name=\"retraite-ville\"><input size=\"40\" maxlength=\"400\" class=\"wpcf7-form-control wpcf7-text wpcf7-validates-as-required\" aria-required=\"true\" aria-invalid=\"false\" placeholder=\"Stadt\" value=\"\" type=\"text\" name=\"retraite-ville\" \/><\/span><br \/>\n<label for=\"retraite-nom\" class=\"search-field-label p\">Standort<\/label><br \/>\n<span class=\"search-field-image material-symbols-rounded\">location_on<\/span>\n\t\t\t\t\t<\/p>\n\t\t\t\t<\/div>\n\t\t\t<\/div>\n\t\t\t<div class=\"col-12\">\n\t\t\t\t<div class=\"search-field\">\n\t\t\t\t\t<p><span class=\"wpcf7-form-control-wrap\" data-name=\"retraite-remarque\"><textarea cols=\"40\" rows=\"10\" maxlength=\"2000\" class=\"wpcf7-form-control wpcf7-textarea\" aria-invalid=\"false\" placeholder=\"Ihr Text\" name=\"retraite-remarque\"><\/textarea><\/span><br \/>\n<label for=\"retraite-nom\" class=\"search-field-label p nostar\">Hinweis<\/label><br \/>\n<span class=\"search-field-image textearea material-symbols-rounded\">edit<\/span>\n\t\t\t\t\t<\/p>\n\t\t\t\t<\/div>\n\t\t\t<\/div>\n\t\t\t<div class=\"col-12 form-title-section pt-0\">\n\t\t\t<hr \/>\n\t\t\t\t<h3 class=\"h5 px-3\">Kontaktdaten\n\t\t\t\t<\/h3>\n\t\t\t<hr \/>\n\t\t\t<\/div>\n\t\t\t<div class=\"col-sm-6\">\n\t\t\t\t<div class=\"search-field\">\n\t\t\t\t\t<p><span class=\"wpcf7-form-control-wrap\" data-name=\"retraite-nom\"><input size=\"40\" maxlength=\"400\" class=\"wpcf7-form-control wpcf7-text wpcf7-validates-as-required\" aria-required=\"true\" aria-invalid=\"false\" placeholder=\"Name\" value=\"\" type=\"text\" name=\"retraite-nom\" \/><\/span><br \/>\n<label for=\"retraite-nom\" class=\"search-field-label p\">Name<\/label><br \/>\n<span class=\"search-field-image material-symbols-rounded\">person<\/span>\n\t\t\t\t\t<\/p>\n\t\t\t\t<\/div>\n\t\t\t<\/div>\n\t\t\t<div class=\"col-sm-6\">\n\t\t\t\t<div class=\"search-field\">\n\t\t\t\t\t<p><span class=\"wpcf7-form-control-wrap\" data-name=\"retraite-prenom\"><input size=\"40\" maxlength=\"400\" class=\"wpcf7-form-control wpcf7-text wpcf7-validates-as-required\" aria-required=\"true\" aria-invalid=\"false\" placeholder=\"Vorname\" value=\"\" type=\"text\" name=\"retraite-prenom\" \/><\/span><br \/>\n<label for=\"retraite-prenom\" class=\"search-field-label p\">Vorname<\/label><br \/>\n<span class=\"search-field-image material-symbols-rounded\">person<\/span>\n\t\t\t\t\t<\/p>\n\t\t\t\t<\/div>\n\t\t\t<\/div>\n\t\t\t<div class=\"col-sm-6\">\n\t\t\t\t<div class=\"search-field\">\n\t\t\t\t\t<p><span class=\"wpcf7-form-control-wrap\" data-name=\"retraite-anniversaire\"><input class=\"wpcf7-form-control wpcf7-date wpcf7-validates-as-required wpcf7-validates-as-date\" aria-required=\"true\" aria-invalid=\"false\" value=\"Geburtsdatum\" type=\"date\" name=\"retraite-anniversaire\" \/><\/span><br \/>\n<label for=\"retraite-anniversaire\" class=\"search-field-label p\">Geburtsdatum<\/label><br \/>\n<span class=\"search-field-image material-symbols-rounded\">calendar_today<\/span>\n\t\t\t\t\t<\/p>\n\t\t\t\t<\/div>\n\t\t\t<\/div>\n\t\t\t<div class=\"col-sm-6\">\n\t\t\t<\/div>\n\t\t\t<div class=\"col-sm-6\">\n\t\t\t\t<div class=\"search-field\">\n\t\t\t\t\t<p><span class=\"wpcf7-form-control-wrap\" data-name=\"retraite-mail\"><input size=\"40\" maxlength=\"400\" class=\"wpcf7-form-control wpcf7-email wpcf7-validates-as-required wpcf7-text wpcf7-validates-as-email\" aria-required=\"true\" aria-invalid=\"false\" placeholder=\"E-mail\" value=\"\" type=\"email\" name=\"retraite-mail\" \/><\/span><br \/>\n<label for=\"retraite-mail\" class=\"search-field-label p\">E-mail<\/label><br \/>\n<span class=\"search-field-image material-symbols-rounded\">mail<\/span>\n\t\t\t\t\t<\/p>\n\t\t\t\t<\/div>\n\t\t\t<\/div>\n\t\t\t<div class=\"col-sm-6\">\n\t\t\t\t<div class=\"search-field\">\n\t\t\t\t\t<p><span class=\"wpcf7-form-control-wrap\" data-name=\"retraite-telephone\"><input size=\"40\" maxlength=\"400\" class=\"wpcf7-form-control wpcf7-tel wpcf7-validates-as-required wpcf7-text wpcf7-validates-as-tel\" aria-required=\"true\" aria-invalid=\"false\" placeholder=\"Telefon\" value=\"\" type=\"tel\" name=\"retraite-telephone\" \/><\/span><br \/>\n<label for=\"retraite-telephone\" class=\"search-field-label p\">Telefon<\/label><br \/>\n<span class=\"search-field-image material-symbols-rounded\">phone<\/span>\n\t\t\t\t\t<\/p>\n\t\t\t\t<\/div>\n\t\t\t<\/div>\n\t\t<\/div>\n\t\t<div class=\"row p-5\">\n\t\t\t<div class=\"col-12 form-title-section pt-0 pb-3\">\n\t\t\t<hr \/>\n\t\t\t\t<h3 class=\"h5 px-3 \">Verwendung von pers\u00f6nlichen Daten\n\t\t\t\t<\/h3>\n\t\t\t<hr \/>\n\t\t\t<\/div>\n\t\t\t<div class=\"col-12\">\n\t\t\t\t<p class=\"p\">Mit meiner Unterschrift erm\u00e4chtige ich die Interiman Group AG, in \u00dcbereinstimmung mit den gesetzlichen Datenschutzbestimmungen, meine Daten zu bearbeiten und diese im Einzelfall auf mein m\u00fcndliches Einverst\u00e4ndnis hin an potenziell interessierte Unternehmen weiterzugeben. Mir ist bekannt, dass ich Einsicht in meine Akte nehmen und Informationen korrigieren lassen kann, und ich habe zur Kenntnis genommen, dass diese Einwilligung jederzeit schriftlich widerrufen werden kann, gem\u00e4\u00df der vollst\u00e4ndigen Datenschutzklausel, die<a href='\/politique-de-confidentialite\/' class='link-red' target=\"_blank\"> unter diesem Link<\/a>, abrufbar ist , sowie in Bezug auf Marketingaspekte (Stellenvorschl\u00e4ge, Zufriedenheitsumfragen, attraktive Angebote, Einladungen zu Veranstaltungen usw.). Ich stimme dem obigen Text zu und best\u00e4tige, dass alle von mir gemachten Angaben korrekt und wahrheitsgem\u00e4\u00df sind.\n\t\t\t\t<\/p>\n\t\t\t\t<p><span class=\"wpcf7-form-control-wrap\" data-name=\"checkbox-561\"><span class=\"wpcf7-form-control wpcf7-checkbox wpcf7-validates-as-required\" id=\"jaccepte\"><span class=\"wpcf7-list-item first last\"><input type=\"checkbox\" name=\"checkbox-561[]\" value=\"Ich stimme zu*\" \/><span class=\"wpcf7-list-item-label\">Ich stimme zu*<\/span><\/span><\/span><\/span>\n\t\t\t\t<\/p>\n\t\t\t<\/div>\n\t\t\t<div class=\"col-12 pt-4\">\n\t\t\t\t<p><input class=\"wpcf7-form-control wpcf7-submit has-spinner\" type=\"submit\" value=\"Senden\" \/>\n\t\t\t\t<\/p>\n\t\t\t<\/div>\n\t\t<\/div>\n\t<\/div>\n\t<div data-id=\"group-media\" data-orig_data_id=\"group-media\"  class=\"\" data-class=\"wpcf7cf_group\">\n\t\t<div class=\"row  p-5 pb-0\" id=\"formmedia\">\n\t\t\t<div class=\"col-12 form-title-section pt-0\">\n\t\t\t<hr \/>\n\t\t\t\t<h3 class=\"h5 px-3\">Nehmen Sie Kontakt mit unserem Team auf\n\t\t\t\t<\/h3>\n\t\t\t<hr \/>\n\t\t\t<\/div>\n\t\t\t<div class=\"col-sm-6\">\n\t\t\t\t<div class=\"search-field\">\n\t\t\t\t\t<p><span class=\"wpcf7-form-control-wrap\" data-name=\"media-media\"><input size=\"40\" maxlength=\"400\" class=\"wpcf7-form-control wpcf7-text wpcf7-validates-as-required\" aria-required=\"true\" aria-invalid=\"false\" placeholder=\"Medien\" value=\"\" type=\"text\" name=\"media-media\" \/><\/span><br \/>\n<label for=\"retraite-nom\" class=\"search-field-label p\">Medien<\/label><br \/>\n<span class=\"search-field-image material-symbols-rounded\">business<\/span>\n\t\t\t\t\t<\/p>\n\t\t\t\t<\/div>\n\t\t\t<\/div>\n\t\t\t<div class=\"col-sm-6\">\n\t\t\t<\/div>\n\t\t\t<div class=\"col-sm-6\">\n\t\t\t\t<div class=\"search-field\">\n\t\t\t\t\t<p><span class=\"wpcf7-form-control-wrap\" data-name=\"media-nom\"><input size=\"40\" maxlength=\"400\" class=\"wpcf7-form-control wpcf7-text wpcf7-validates-as-required\" aria-required=\"true\" aria-invalid=\"false\" placeholder=\"Name\" value=\"\" type=\"text\" name=\"media-nom\" \/><\/span><br \/>\n<label for=\"retraite-nom\" class=\"search-field-label p\">Name<\/label><br \/>\n<span class=\"search-field-image material-symbols-rounded\">person<\/span>\n\t\t\t\t\t<\/p>\n\t\t\t\t<\/div>\n\t\t\t<\/div>\n\t\t\t<div class=\"col-sm-6\">\n\t\t\t\t<div class=\"search-field\">\n\t\t\t\t\t<p><span class=\"wpcf7-form-control-wrap\" data-name=\"media-prenom\"><input size=\"40\" maxlength=\"400\" class=\"wpcf7-form-control wpcf7-text wpcf7-validates-as-required\" aria-required=\"true\" aria-invalid=\"false\" placeholder=\"Vorname\" value=\"\" type=\"text\" name=\"media-prenom\" \/><\/span><br \/>\n<label for=\"retraite-prenom\" class=\"search-field-label p\">Vorname<\/label><br \/>\n<span class=\"search-field-image material-symbols-rounded\">person<\/span>\n\t\t\t\t\t<\/p>\n\t\t\t\t<\/div>\n\t\t\t<\/div>\n\t\t\t<div class=\"col-sm-6\">\n\t\t\t\t<div class=\"search-field\">\n\t\t\t\t\t<p><span class=\"wpcf7-form-control-wrap\" data-name=\"media-mail\"><input size=\"40\" maxlength=\"400\" class=\"wpcf7-form-control wpcf7-email wpcf7-validates-as-required wpcf7-text wpcf7-validates-as-email\" aria-required=\"true\" aria-invalid=\"false\" placeholder=\"E-mail\" value=\"\" type=\"email\" name=\"media-mail\" \/><\/span><br \/>\n<label for=\"retraite-mail\" class=\"search-field-label p\">E-mail<\/label><br \/>\n<span class=\"search-field-image material-symbols-rounded\">mail<\/span>\n\t\t\t\t\t<\/p>\n\t\t\t\t<\/div>\n\t\t\t<\/div>\n\t\t\t<div class=\"col-sm-6\">\n\t\t\t\t<div class=\"search-field\">\n\t\t\t\t\t<p><span class=\"wpcf7-form-control-wrap\" data-name=\"media-telephone\"><input size=\"40\" maxlength=\"400\" class=\"wpcf7-form-control wpcf7-tel wpcf7-validates-as-required wpcf7-text wpcf7-validates-as-tel\" aria-required=\"true\" aria-invalid=\"false\" placeholder=\"Telefon\" value=\"\" type=\"tel\" name=\"media-telephone\" \/><\/span><br \/>\n<label for=\"retraite-telephone\" class=\"search-field-label p\">Telefon<\/label><br \/>\n<span class=\"search-field-image material-symbols-rounded\">phone<\/span>\n\t\t\t\t\t<\/p>\n\t\t\t\t<\/div>\n\t\t\t<\/div>\n\t\t\t<div class=\"col-12\">\n\t\t\t\t<div class=\"search-field\">\n\t\t\t\t\t<p><span class=\"wpcf7-form-control-wrap\" data-name=\"media-remarque\"><textarea cols=\"40\" rows=\"10\" maxlength=\"2000\" class=\"wpcf7-form-control wpcf7-textarea\" aria-invalid=\"false\" placeholder=\"Ihr Text\" name=\"media-remarque\"><\/textarea><\/span><br \/>\n<label for=\"retraite-nom\" class=\"search-field-label p nostar\">Hinweis <\/label><br \/>\n<span class=\"search-field-image textearea material-symbols-rounded\">edit<\/span>\n\t\t\t\t\t<\/p>\n\t\t\t\t<\/div>\n\t\t\t<\/div>\n\t\t<\/div>\n\t\t<div class=\"row p-5\">\n\t\t\t<div class=\"col-12 form-title-section pt-0 pb-3\">\n\t\t\t<hr \/>\n\t\t\t\t<h3 class=\"h5 px-3 \">Verwendung von pers\u00f6nlichen Daten\n\t\t\t\t<\/h3>\n\t\t\t<hr \/>\n\t\t\t<\/div>\n\t\t\t<div class=\"col-12\">\n\t\t\t\t<p class=\"p\">Mit meiner Unterschrift erm\u00e4chtige ich die Interiman Group AG, in \u00dcbereinstimmung mit den gesetzlichen Datenschutzbestimmungen, meine Daten zu bearbeiten und diese im Einzelfall auf mein m\u00fcndliches Einverst\u00e4ndnis hin an potenziell interessierte Unternehmen weiterzugeben. Mir ist bekannt, dass ich Einsicht in meine Akte nehmen und Informationen korrigieren lassen kann, und ich habe zur Kenntnis genommen, dass diese Einwilligung jederzeit schriftlich widerrufen werden kann, gem\u00e4\u00df der vollst\u00e4ndigen Datenschutzklausel, die<a href='\/politique-de-confidentialite\/' class='link-red' target=\"_blank\"> unter diesem Link<\/a>, abrufbar ist , sowie in Bezug auf Marketingaspekte (Stellenvorschl\u00e4ge, Zufriedenheitsumfragen, attraktive Angebote, Einladungen zu Veranstaltungen usw.). Ich stimme dem obigen Text zu und best\u00e4tige, dass alle von mir gemachten Angaben korrekt und wahrheitsgem\u00e4\u00df sind.\n\t\t\t\t<\/p>\n\t\t\t\t<p><span class=\"wpcf7-form-control-wrap\" data-name=\"checkbox-561\"><span class=\"wpcf7-form-control wpcf7-checkbox wpcf7-validates-as-required\"><span class=\"wpcf7-list-item first last\"><input type=\"checkbox\" name=\"checkbox-561[]\" value=\"Ich stimme zu*\" \/><span class=\"wpcf7-list-item-label\">Ich stimme zu*<\/span><\/span><\/span><\/span>\n\t\t\t\t<\/p>\n\t\t\t<\/div>\n\t\t\t<div class=\"col-12 pt-4\">\n\t\t\t\t<p><input class=\"wpcf7-form-control wpcf7-submit has-spinner\" type=\"submit\" value=\"Senden\" \/>\n\t\t\t\t<\/p>\n\t\t\t<\/div>\n\t\t<\/div>\n\t<\/div>\n\t<div data-id=\"group-entreprise\" data-orig_data_id=\"group-entreprise\"  class=\"\" data-class=\"wpcf7cf_group\">\n\t\t<div class=\"row  p-5 pb-0\" id=\"formentreprise\">\n\t\t\t<div class=\"col-12 form-title-section pt-0\">\n\t\t\t<hr \/>\n\t\t\t\t<h3 class=\"h5 px-3\">Wie k\u00f6nnen wir Ihnen helfen?\n\t\t\t\t<\/h3>\n\t\t\t<hr \/>\n\t\t\t<\/div>\n\t\t\t<div class=\"col-sm-6\">\n\t\t\t\t<div class=\"search-field\">\n\t\t\t\t\t<p><span class=\"wpcf7-form-control-wrap\" data-name=\"entreprise-prestations\"><select class=\"wpcf7-form-control wpcf7-select wpcf7-validates-as-required\" aria-required=\"true\" aria-invalid=\"false\" name=\"entreprise-prestations\"><option value=\"\">&#8211; Bitte ausw\u00e4hlen &#8211;<\/option><option value=\"Seminar\">Seminar<\/option><option value=\"Personalsuche\">Personalsuche<\/option><option value=\"Lohn- und Gehaltsabrechnung\">Lohn- und Gehaltsabrechnung<\/option><option value=\"Informationsanfrage\">Informationsanfrage<\/option><\/select><\/span><br \/>\n<label for=\"retraite-nom\" class=\"search-field-label p\">Gew\u00fcnschte Leistung <\/label><br \/>\n<span class=\"search-field-image material-symbols-rounded\">expand_more<\/span>\n\t\t\t\t\t<\/p>\n\t\t\t\t<\/div>\n\t\t\t<\/div>\n\t\t\t<div data-id=\"group-recherchepersonnel\" data-orig_data_id=\"group-recherchepersonnel\"  class=\"\" data-class=\"wpcf7cf_group\">\n\t\t\t\t<div class=\"col-sm-6\">\n\t\t\t\t\t<div class=\"search-field\">\n\t\t\t\t\t\t<p><span class=\"wpcf7-form-control-wrap\" data-name=\"entreprise-metiersouhaite\"><input size=\"40\" maxlength=\"400\" class=\"wpcf7-form-control wpcf7-text wpcf7-validates-as-required\" aria-required=\"true\" aria-invalid=\"false\" placeholder=\"Art der Stelle\" value=\"\" type=\"text\" name=\"entreprise-metiersouhaite\" \/><\/span><br \/>\n<label for=\"retraite-nom\" class=\"search-field-label p\">Art der Stelle <\/label><br \/>\n<span class=\"search-field-image material-symbols-rounded\">work<\/span>\n\t\t\t\t\t\t<\/p>\n\t\t\t\t\t<\/div>\n\t\t\t\t<\/div>\n\t\t\t\t<div class=\"col-sm-6\">\n\t\t\t\t\t<div class=\"search-field\">\n\t\t\t\t\t\t<p><span class=\"wpcf7-form-control-wrap\" data-name=\"entreprise-taux\"><input size=\"40\" maxlength=\"400\" class=\"wpcf7-form-control wpcf7-text wpcf7-validates-as-required\" aria-required=\"true\" aria-invalid=\"false\" placeholder=\"Aktivit\u00e4tsrate\" value=\"\" type=\"text\" name=\"entreprise-taux\" \/><\/span><br \/>\n<label for=\"retraite-nom\" class=\"search-field-label p\">Gew\u00fcnschte Aktivit\u00e4tsrate <\/label><br \/>\n<span class=\"search-field-image material-symbols-rounded\">schedule<\/span>\n\t\t\t\t\t\t<\/p>\n\t\t\t\t\t<\/div>\n\t\t\t\t<\/div>\n\t\t\t<\/div>\n\t\t\t<div class=\"col-12\">\n\t\t\t\t<div class=\"search-field\">\n\t\t\t\t\t<p><span class=\"wpcf7-form-control-wrap\" data-name=\"entreprise-remarque\"><textarea cols=\"40\" rows=\"10\" maxlength=\"2000\" class=\"wpcf7-form-control wpcf7-textarea\" aria-invalid=\"false\" placeholder=\"Ihr Text\" name=\"entreprise-remarque\"><\/textarea><\/span><br \/>\n<label for=\"retraite-nom\" class=\"search-field-label p nostar\">Hinweis <\/label><br \/>\n<span class=\"search-field-image textearea material-symbols-rounded\">edit<\/span>\n\t\t\t\t\t<\/p>\n\t\t\t\t<\/div>\n\t\t\t<\/div>\n\t\t\t<div class=\"col-12 form-title-section pt-0\">\n\t\t\t<hr \/>\n\t\t\t\t<h3 class=\"h5 px-3\">Kontaktdaten des Unternehmens\n\t\t\t\t<\/h3>\n\t\t\t<hr \/>\n\t\t\t<\/div>\n\t\t\t<div class=\"col-sm-6\">\n\t\t\t\t<div class=\"search-field\">\n\t\t\t\t\t<p><span class=\"wpcf7-form-control-wrap\" data-name=\"entreprise-nom\"><input size=\"40\" maxlength=\"400\" class=\"wpcf7-form-control wpcf7-text wpcf7-validates-as-required\" aria-required=\"true\" aria-invalid=\"false\" placeholder=\"Name\" value=\"\" type=\"text\" name=\"entreprise-nom\" \/><\/span><br \/>\n<label for=\"retraite-nom\" class=\"search-field-label p\">Name<\/label><br \/>\n<span class=\"search-field-image material-symbols-rounded\">business<\/span>\n\t\t\t\t\t<\/p>\n\t\t\t\t<\/div>\n\t\t\t<\/div>\n\t\t\t<div class=\"col-sm-6\">\n\t\t\t\t<div class=\"search-field\">\n\t\t\t\t\t<p><span class=\"wpcf7-form-control-wrap\" data-name=\"entreprise-employes\"><input size=\"40\" maxlength=\"400\" class=\"wpcf7-form-control wpcf7-text wpcf7-validates-as-required\" aria-required=\"true\" aria-invalid=\"false\" placeholder=\"Geben Sie eine Zahl\" value=\"\" type=\"text\" name=\"entreprise-employes\" \/><\/span><br \/>\n<label for=\"retraite-prenom\" class=\"search-field-label p\">Anzahl der Mitarbeiter<\/label><br \/>\n<span class=\"search-field-image material-symbols-rounded\">groups<\/span>\n\t\t\t\t\t<\/p>\n\t\t\t\t<\/div>\n\t\t\t<\/div>\n\t\t\t<div class=\"col-sm-6\">\n\t\t\t\t<div class=\"search-field\">\n\t\t\t\t\t<p><span class=\"wpcf7-form-control-wrap\" data-name=\"entreprise-localite\"><input size=\"40\" maxlength=\"400\" class=\"wpcf7-form-control wpcf7-text wpcf7-validates-as-required\" aria-required=\"true\" aria-invalid=\"false\" placeholder=\"Stadt\" value=\"\" type=\"text\" name=\"entreprise-localite\" \/><\/span><br \/>\n<label for=\"retraite-prenom\" class=\"search-field-label p\">Standort<\/label><br \/>\n<span class=\"search-field-image material-symbols-rounded\">location_on<\/span>\n\t\t\t\t\t<\/p>\n\t\t\t\t<\/div>\n\t\t\t<\/div>\n\t\t\t<div class=\"col-sm-6\">\n\t\t\t<\/div>\n\t\t\t<div class=\"col-sm-6\">\n\t\t\t\t<div class=\"search-field\">\n\t\t\t\t\t<p><span class=\"wpcf7-form-control-wrap\" data-name=\"entreprise-mail\"><input size=\"40\" maxlength=\"400\" class=\"wpcf7-form-control wpcf7-email wpcf7-validates-as-required wpcf7-text wpcf7-validates-as-email\" aria-required=\"true\" aria-invalid=\"false\" placeholder=\"E-mail\" value=\"\" type=\"email\" name=\"entreprise-mail\" \/><\/span><br \/>\n<label for=\"retraite-mail\" class=\"search-field-label p\">E-mail<\/label><br \/>\n<span class=\"search-field-image material-symbols-rounded\">mail<\/span>\n\t\t\t\t\t<\/p>\n\t\t\t\t<\/div>\n\t\t\t<\/div>\n\t\t\t<div class=\"col-sm-6\">\n\t\t\t\t<div class=\"search-field\">\n\t\t\t\t\t<p><span class=\"wpcf7-form-control-wrap\" data-name=\"entreprise-telephone\"><input size=\"40\" maxlength=\"400\" class=\"wpcf7-form-control wpcf7-tel wpcf7-validates-as-required wpcf7-text wpcf7-validates-as-tel\" aria-required=\"true\" aria-invalid=\"false\" placeholder=\"Telefon\" value=\"\" type=\"tel\" name=\"entreprise-telephone\" \/><\/span><br \/>\n<label for=\"retraite-telephone\" class=\"search-field-label p\">telefonischer Kontakt<\/label><br \/>\n<span class=\"search-field-image material-symbols-rounded\">phone<\/span>\n\t\t\t\t\t<\/p>\n\t\t\t\t<\/div>\n\t\t\t<\/div>\n\t\t<\/div>\n\t\t<div class=\"row p-5\">\n\t\t\t<div class=\"col-12 form-title-section pt-0 pb-3\">\n\t\t\t<hr \/>\n\t\t\t\t<h3 class=\"h5 px-3 \">Verwendung von pers\u00f6nlichen Daten\n\t\t\t\t<\/h3>\n\t\t\t<hr \/>\n\t\t\t<\/div>\n\t\t\t<div class=\"col-12\">\n\t\t\t\t<p class=\"p\">Mit meiner Unterschrift erm\u00e4chtige ich die Interiman Group AG, in \u00dcbereinstimmung mit den gesetzlichen Datenschutzbestimmungen, meine Daten zu bearbeiten und diese im Einzelfall auf mein m\u00fcndliches Einverst\u00e4ndnis hin an potenziell interessierte Unternehmen weiterzugeben. Mir ist bekannt, dass ich Einsicht in meine Akte nehmen und Informationen korrigieren lassen kann, und ich habe zur Kenntnis genommen, dass diese Einwilligung jederzeit schriftlich widerrufen werden kann, gem\u00e4\u00df der vollst\u00e4ndigen Datenschutzklausel, die<a href='\/politique-de-confidentialite\/' class='link-red' target=\"_blank\"> unter diesem Link<\/a>, abrufbar ist , sowie in Bezug auf Marketingaspekte (Stellenvorschl\u00e4ge, Zufriedenheitsumfragen, attraktive Angebote, Einladungen zu Veranstaltungen usw.). Ich stimme dem obigen Text zu und best\u00e4tige, dass alle von mir gemachten Angaben korrekt und wahrheitsgem\u00e4\u00df sind.\n\t\t\t\t<\/p>\n\t\t\t\t<p><span class=\"wpcf7-form-control-wrap\" data-name=\"checkbox-561\"><span class=\"wpcf7-form-control wpcf7-checkbox wpcf7-validates-as-required\"><span class=\"wpcf7-list-item first last\"><input type=\"checkbox\" name=\"checkbox-561[]\" value=\"Ich stimme zu*\" \/><span class=\"wpcf7-list-item-label\">Ich stimme zu*<\/span><\/span><\/span><\/span>\n\t\t\t\t<\/p>\n\t\t\t<\/div>\n\t\t\t<div class=\"col-12 pt-4\">\n\t\t\t\t<p><input class=\"wpcf7-form-control wpcf7-submit has-spinner\" type=\"submit\" value=\"Senden\" \/>\n\t\t\t\t<\/p>\n\t\t\t<\/div>\n\t\t<\/div>\n\t<\/div>\n<\/div><p style=\"display: none !important;\" class=\"akismet-fields-container\" data-prefix=\"_wpcf7_ak_\"><label>&#916;<textarea name=\"_wpcf7_ak_hp_textarea\" cols=\"45\" rows=\"8\" maxlength=\"100\"><\/textarea><\/label><input type=\"hidden\" id=\"ak_js_1\" name=\"_wpcf7_ak_js\" value=\"154\"\/><script>document.getElementById( \"ak_js_1\" ).setAttribute( \"value\", ( new Date() ).getTime() );<\/script><\/p><div class=\"wpcf7-response-output\" aria-hidden=\"true\"><\/div>\n<\/form>\n<\/div>\n<\/div>\n","protected":false},"excerpt":{"rendered":"<p> [&#8230;]<\/p>\n<p><a class=\"btn btn-secondary understrap-read-more-link\" href=\"https:\/\/www.activis.swiss\/de\/kontakt\/\">Weiterlesen&#8230;<span class=\"screen-reader-text\"> from Kontakt: Ben\u00f6tigen Sie weitere Informationen?<\/span><\/a><\/p>\n","protected":false},"author":1,"featured_media":0,"parent":0,"menu_order":0,"comment_status":"closed","ping_status":"closed","template":"page-templates\/template-contact.php","meta":{"_monsterinsights_skip_tracking":false,"_monsterinsights_sitenote_active":false,"_monsterinsights_sitenote_note":"","_monsterinsights_sitenote_category":0,"footnotes":""},"class_list":["post-369","page","type-page","status-publish","hentry"],"yoast_head":"<!-- This site is optimized with the Yoast SEO plugin v25.3 - https:\/\/yoast.com\/wordpress\/plugins\/seo\/ -->\n<title>Kontakt: Ben\u00f6tigen Sie weitere Informationen? - activis<\/title>\n<meta name=\"robots\" content=\"index, follow, max-snippet:-1, max-image-preview:large, max-video-preview:-1\" \/>\n<link rel=\"canonical\" href=\"https:\/\/www.activis.swiss\/de\/kontakt\/\" \/>\n<meta property=\"og:locale\" content=\"de_DE\" \/>\n<meta property=\"og:type\" content=\"article\" \/>\n<meta property=\"og:title\" content=\"Kontakt: Ben\u00f6tigen Sie weitere Informationen? - activis\" \/>\n<meta property=\"og:description\" content=\"[...]Weiterlesen... from Kontakt: Ben\u00f6tigen Sie weitere Informationen?\" \/>\n<meta property=\"og:url\" content=\"https:\/\/www.activis.swiss\/de\/kontakt\/\" \/>\n<meta property=\"og:site_name\" content=\"activis\" \/>\n<meta property=\"article:modified_time\" content=\"2023-05-22T08:57:34+00:00\" \/>\n<meta name=\"twitter:card\" content=\"summary_large_image\" \/>\n<meta name=\"twitter:label1\" content=\"Gesch\u00e4tzte Lesezeit\" \/>\n\t<meta name=\"twitter:data1\" content=\"1\u00a0Minute\" \/>\n<script type=\"application\/ld+json\" class=\"yoast-schema-graph\">{\"@context\":\"https:\/\/schema.org\",\"@graph\":[{\"@type\":\"WebPage\",\"@id\":\"https:\/\/www.activis.swiss\/de\/kontakt\/\",\"url\":\"https:\/\/www.activis.swiss\/de\/kontakt\/\",\"name\":\"Kontakt: Ben\u00f6tigen Sie weitere Informationen? - activis\",\"isPartOf\":{\"@id\":\"https:\/\/www.activis.swiss\/de\/#website\"},\"datePublished\":\"2023-03-14T08:53:48+00:00\",\"dateModified\":\"2023-05-22T08:57:34+00:00\",\"breadcrumb\":{\"@id\":\"https:\/\/www.activis.swiss\/de\/kontakt\/#breadcrumb\"},\"inLanguage\":\"de\",\"potentialAction\":[{\"@type\":\"ReadAction\",\"target\":[\"https:\/\/www.activis.swiss\/de\/kontakt\/\"]}]},{\"@type\":\"BreadcrumbList\",\"@id\":\"https:\/\/www.activis.swiss\/de\/kontakt\/#breadcrumb\",\"itemListElement\":[{\"@type\":\"ListItem\",\"position\":1,\"name\":\"Accueil\",\"item\":\"https:\/\/www.activis.swiss\/de\/activis-und-wenn-sich-erfahrung-auf-kompetenzen-reimt\/\"},{\"@type\":\"ListItem\",\"position\":2,\"name\":\"Kontakt: Ben\u00f6tigen Sie weitere Informationen?\"}]},{\"@type\":\"WebSite\",\"@id\":\"https:\/\/www.activis.swiss\/de\/#website\",\"url\":\"https:\/\/www.activis.swiss\/de\/\",\"name\":\"activis\",\"description\":\"\",\"potentialAction\":[{\"@type\":\"SearchAction\",\"target\":{\"@type\":\"EntryPoint\",\"urlTemplate\":\"https:\/\/www.activis.swiss\/de\/?s={search_term_string}\"},\"query-input\":{\"@type\":\"PropertyValueSpecification\",\"valueRequired\":true,\"valueName\":\"search_term_string\"}}],\"inLanguage\":\"de\"}]}<\/script>\n<!-- \/ Yoast SEO plugin. -->","yoast_head_json":{"title":"Kontakt: Ben\u00f6tigen Sie weitere Informationen? - activis","robots":{"index":"index","follow":"follow","max-snippet":"max-snippet:-1","max-image-preview":"max-image-preview:large","max-video-preview":"max-video-preview:-1"},"canonical":"https:\/\/www.activis.swiss\/de\/kontakt\/","og_locale":"de_DE","og_type":"article","og_title":"Kontakt: Ben\u00f6tigen Sie weitere Informationen? - activis","og_description":"[...]Weiterlesen... from Kontakt: Ben\u00f6tigen Sie weitere Informationen?","og_url":"https:\/\/www.activis.swiss\/de\/kontakt\/","og_site_name":"activis","article_modified_time":"2023-05-22T08:57:34+00:00","twitter_card":"summary_large_image","twitter_misc":{"Gesch\u00e4tzte Lesezeit":"1\u00a0Minute"},"schema":{"@context":"https:\/\/schema.org","@graph":[{"@type":"WebPage","@id":"https:\/\/www.activis.swiss\/de\/kontakt\/","url":"https:\/\/www.activis.swiss\/de\/kontakt\/","name":"Kontakt: Ben\u00f6tigen Sie weitere Informationen? - activis","isPartOf":{"@id":"https:\/\/www.activis.swiss\/de\/#website"},"datePublished":"2023-03-14T08:53:48+00:00","dateModified":"2023-05-22T08:57:34+00:00","breadcrumb":{"@id":"https:\/\/www.activis.swiss\/de\/kontakt\/#breadcrumb"},"inLanguage":"de","potentialAction":[{"@type":"ReadAction","target":["https:\/\/www.activis.swiss\/de\/kontakt\/"]}]},{"@type":"BreadcrumbList","@id":"https:\/\/www.activis.swiss\/de\/kontakt\/#breadcrumb","itemListElement":[{"@type":"ListItem","position":1,"name":"Accueil","item":"https:\/\/www.activis.swiss\/de\/activis-und-wenn-sich-erfahrung-auf-kompetenzen-reimt\/"},{"@type":"ListItem","position":2,"name":"Kontakt: Ben\u00f6tigen Sie weitere Informationen?"}]},{"@type":"WebSite","@id":"https:\/\/www.activis.swiss\/de\/#website","url":"https:\/\/www.activis.swiss\/de\/","name":"activis","description":"","potentialAction":[{"@type":"SearchAction","target":{"@type":"EntryPoint","urlTemplate":"https:\/\/www.activis.swiss\/de\/?s={search_term_string}"},"query-input":{"@type":"PropertyValueSpecification","valueRequired":true,"valueName":"search_term_string"}}],"inLanguage":"de"}]}},"_links":{"self":[{"href":"https:\/\/www.activis.swiss\/de\/wp-json\/wp\/v2\/pages\/369","targetHints":{"allow":["GET"]}}],"collection":[{"href":"https:\/\/www.activis.swiss\/de\/wp-json\/wp\/v2\/pages"}],"about":[{"href":"https:\/\/www.activis.swiss\/de\/wp-json\/wp\/v2\/types\/page"}],"author":[{"embeddable":true,"href":"https:\/\/www.activis.swiss\/de\/wp-json\/wp\/v2\/users\/1"}],"replies":[{"embeddable":true,"href":"https:\/\/www.activis.swiss\/de\/wp-json\/wp\/v2\/comments?post=369"}],"version-history":[{"count":1,"href":"https:\/\/www.activis.swiss\/de\/wp-json\/wp\/v2\/pages\/369\/revisions"}],"predecessor-version":[{"id":370,"href":"https:\/\/www.activis.swiss\/de\/wp-json\/wp\/v2\/pages\/369\/revisions\/370"}],"wp:attachment":[{"href":"https:\/\/www.activis.swiss\/de\/wp-json\/wp\/v2\/media?parent=369"}],"curies":[{"name":"wp","href":"https:\/\/api.w.org\/{rel}","templated":true}]}}